{"id":16,"date":"2013-02-10T17:02:23","date_gmt":"2013-02-10T17:02:23","guid":{"rendered":"http:\/\/dpsniemojowice.pl\/2021\/?page_id=16"},"modified":"2015-02-26T10:50:40","modified_gmt":"2015-02-26T10:50:40","slug":"charakterystyka-dps","status":"publish","type":"page","link":"https:\/\/dpsniemojowice.pl\/2021\/charakterystyka-dps\/","title":{"rendered":"Charakterystyka DPS"},"content":{"rendered":"<p style=\"text-align: center;\">DOM POMOCY SPO\u0141ECZNEJ W NIEMOJOWICACH<\/p>\n<p style=\"text-align: center;\">SPE\u0141NIA WYMAGANE STANDARDY<\/p>\n<p style=\"text-align: center;\">&#8211; dzia\u0142a na podstawie <strong>decyzji Wojewody \u0141\u00f3dzkiego<\/strong><\/p>\n<p style=\"text-align: center;\">z dnia 16 listopada 2012r.<\/p>\n<p style=\"text-align: center;\">zezwalaj\u0105cej na prowadzenie plac\u00f3wki <strong>na czas nieokre\u015blony<\/strong><\/p>\n<p>&nbsp;<\/p>\n<p>Dom Pomocy Spo\u0142ecznej w Niemojowicach, Niemojowice 68, 26-330 \u017barn\u00f3w jest samodzieln\u0105 jednostk\u0105 organizacyjn\u0105 i bud\u017cetow\u0105 o zasi\u0119gu ponadgminnym, podleg\u0142\u0105 bezpo\u015brednio Zarz\u0105dowi Powiatu Opoczy\u0144skiego.<\/p>\n<p>&nbsp;<\/p>\n<p style=\"text-align: justify;\">W dniu 8 grudnia 2014r. Wojewoda \u0141\u00f3dzki decyzj\u0105 znak PS-III.9423.18.2014 po rozpatrzeniu wniosku Powiatu Opoczy\u0144skiego z dnia 4 listopada 2014r. o dokonanie zmiany decyzji Wojewody \u0141\u00f3dzkiego Nr PS-III.9423.12.2012 z dnia 16 listopada 2012 roku, dotycz\u0105cej zezwolenia na prowadzenie Domu Pomocy Spo\u0142ecznej dla 99 os\u00f3b przewlekle somatycznie chorych oraz os\u00f3b w podesz\u0142ym wieku w Niemojowicach na czas nieokre\u015blony, poprzez okre\u015blenie w ww. decyzji zmniejszenia liczby miejsc statutowych. Wojewoda \u0141\u00f3dzki w w\/w decyzje dokona\u0142 zmiany w osnowie decyzji Wojewody \u0141\u00f3dzkiego Nr PS-III.9423.12.2012 z dnia 16 listopada 2012 roku, na mocy kt\u00f3rej Powiat Opoczy\u0144ski otrzyma\u0142 zezwolenie na prowadzenie Domu Pomocy Spo\u0142ecznej w Niemojowicach 68, 26-330 \u017barn\u00f3w, przeznaczonego dla 97 os\u00f3b przewlekle somatycznie chorych oraz w podesz\u0142ym wieku.<strong><\/strong>\n<\/p>\n<p>Jest to plac\u00f3wka stacjonarna, umo\u017cliwiaj\u0105ca mieszka\u0144com zar\u00f3wno pobyt sta\u0142y, jak i czasowy \u2013 zapewniaj\u0105c ca\u0142odobow\u0105 opiek\u0119 oraz zaspakaja niezb\u0119dne potrzeby bytowe, spo\u0142eczne i religijne w formach i zakresie wynikaj\u0105cym z indywidualnych potrzeb.<\/p>\n<p>&nbsp;<\/p>\n<p>Dom umo\u017cliwia mieszka\u0144com korzystania z przys\u0142uguj\u0105cych im, na podstawie odr\u0119bnych przepis\u00f3w, \u015bwiadcze\u0144 zdrowotnych.<\/p>\n<p>&nbsp;<\/p>\n<p>Dom Pomocy Spo\u0142ecznej w Niemojowicach mie\u015bci si\u0119 w nowo wybudowanym obiekcie, gdzie pokoje s\u0105 1, 2, 3 osobowe i ka\u017cdy pok\u00f3j ma swoj\u0105 \u0142azienk\u0119. Budynek bez barier architektonicznych.<\/p>\n<p><a class=\"shutterset_\" title=\"\" href=\"http:\/\/dpsniemojowice.pl\/2021\/wp-content\/gallery\/dps\/w1.jpg\"><img class=\"ngg-singlepic ngg-none alignleft\" alt=\"w1\" src=\"http:\/\/dpsniemojowice.pl\/2021\/wp-content\/gallery\/dps\/thumbs\/thumbs_w1.jpg\" \/><\/a>\u00a0<a class=\"shutterset_\" title=\"\" href=\"http:\/\/dpsniemojowice.pl\/2021\/wp-content\/gallery\/dps\/w2.jpg\"><img class=\"ngg-singlepic ngg-none alignleft\" alt=\"w2\" src=\"http:\/\/dpsniemojowice.pl\/2021\/wp-content\/gallery\/dps\/thumbs\/thumbs_w2.jpg\" \/><\/a> <a class=\"shutterset_\" title=\"\" href=\"http:\/\/dpsniemojowice.pl\/2021\/wp-content\/gallery\/dps\/z1.jpg\"><img class=\"ngg-singlepic ngg-none alignleft\" alt=\"z1\" src=\"http:\/\/dpsniemojowice.pl\/2021\/wp-content\/gallery\/dps\/thumbs\/thumbs_z1.jpg\" \/><\/a> <a class=\"shutterset_\" title=\"\" href=\"http:\/\/dpsniemojowice.pl\/2021\/wp-content\/gallery\/dps\/z2.jpg\"><img class=\"ngg-singlepic ngg-none alignleft\" alt=\"z2\" src=\"http:\/\/dpsniemojowice.pl\/2021\/wp-content\/gallery\/dps\/thumbs\/thumbs_z2.jpg\" \/><\/a> <a class=\"shutterset_\" title=\"\" href=\"http:\/\/dpsniemojowice.pl\/2021\/wp-content\/gallery\/dps\/z3.jpg\"><img class=\"ngg-singlepic ngg-none alignleft\" alt=\"z3\" src=\"http:\/\/dpsniemojowice.pl\/2021\/wp-content\/gallery\/dps\/thumbs\/thumbs_z3.jpg\" \/><\/a> <a class=\"shutterset_\" title=\"\" href=\"http:\/\/dpsniemojowice.pl\/2021\/wp-content\/gallery\/dps\/z4.jpg\"><img class=\"ngg-singlepic ngg-none alignleft\" alt=\"z4\" src=\"http:\/\/dpsniemojowice.pl\/2021\/wp-content\/gallery\/dps\/thumbs\/thumbs_z4.jpg\" \/><\/a> <a class=\"shutterset_\" title=\"\" href=\"http:\/\/dpsniemojowice.pl\/2021\/wp-content\/gallery\/dps\/z5.jpg\"><img class=\"ngg-singlepic ngg-none alignleft\" alt=\"z5\" src=\"http:\/\/dpsniemojowice.pl\/2021\/wp-content\/gallery\/dps\/thumbs\/thumbs_z5.jpg\" \/><\/a><\/p>\n<p>&nbsp;<\/p>\n<p>&nbsp;<\/p>\n<p>&nbsp;<\/p>\n<p>&nbsp;<\/p>\n<p>&nbsp;<\/p>\n<p>&nbsp;<\/p>\n<p>&nbsp;<\/p>\n<p><strong>W obiekcie funkcjonuj\u0105:<\/strong><\/p>\n<p>&#8211; pokoje mieszkalne z \u0142azienkami<\/p>\n<p><a class=\"shutterset_\" title=\"\" href=\"http:\/\/dpsniemojowice.pl\/2021\/wp-content\/gallery\/dps\/pokoj-1osobowy.jpg\"><img class=\"ngg-singlepic ngg-none alignleft\" alt=\"pokoj-1osobowy\" src=\"http:\/\/dpsniemojowice.pl\/2021\/wp-content\/gallery\/dps\/thumbs\/thumbs_pokoj-1osobowy.jpg\" \/><\/a> <a class=\"shutterset_\" title=\"\" href=\"http:\/\/dpsniemojowice.pl\/2021\/wp-content\/gallery\/dps\/pokoj-2osobowy-a.jpg\"><img class=\"ngg-singlepic ngg-none alignleft\" alt=\"pokoj-2osobowy-a\" src=\"http:\/\/dpsniemojowice.pl\/2021\/wp-content\/gallery\/dps\/thumbs\/thumbs_pokoj-2osobowy-a.jpg\" \/><\/a> <a class=\"shutterset_\" title=\"\" href=\"http:\/\/dpsniemojowice.pl\/2021\/wp-content\/gallery\/dps\/pokoj-2osobowy-b.jpg\"><img class=\"ngg-singlepic ngg-none alignleft\" alt=\"pokoj-2osobowy-b\" src=\"http:\/\/dpsniemojowice.pl\/2021\/wp-content\/gallery\/dps\/thumbs\/thumbs_pokoj-2osobowy-b.jpg\" \/><\/a> <a class=\"shutterset_\" title=\"\" href=\"http:\/\/dpsniemojowice.pl\/2021\/wp-content\/gallery\/dps\/pokoj-3osobowy-a.jpg\"><img class=\"ngg-singlepic ngg-none alignleft\" alt=\"pokoj-3osobowy-a\" src=\"http:\/\/dpsniemojowice.pl\/2021\/wp-content\/gallery\/dps\/thumbs\/thumbs_pokoj-3osobowy-a.jpg\" \/><\/a> <a class=\"shutterset_\" title=\"\" href=\"http:\/\/dpsniemojowice.pl\/2021\/wp-content\/gallery\/dps\/pokoj-3osobowy-b.jpg\"><img class=\"ngg-singlepic ngg-none alignleft\" alt=\"pokoj-3osobowy-b\" src=\"http:\/\/dpsniemojowice.pl\/2021\/wp-content\/gallery\/dps\/thumbs\/thumbs_pokoj-3osobowy-b.jpg\" \/><\/a><\/p>\n<p>&nbsp;<\/p>\n<p>&nbsp;<\/p>\n<p>&nbsp;<\/p>\n<p>&nbsp;<\/p>\n<p>&nbsp;<\/p>\n<p>&nbsp;<\/p>\n<p>&nbsp;<\/p>\n<p>&nbsp;<\/p>\n<p>&#8211; trzy kuchenki pomocnicze,<\/p>\n<p><a class=\"shutterset_\" title=\"\" href=\"http:\/\/dpsniemojowice.pl\/2021\/wp-content\/gallery\/dps\/kuchenka-pomocnicza1.jpg\"><img class=\"ngg-singlepic ngg-none alignleft\" alt=\"kuchenka-pomocnicza1\" src=\"http:\/\/dpsniemojowice.pl\/2021\/wp-content\/gallery\/dps\/thumbs\/thumbs_kuchenka-pomocnicza1.jpg\" \/><\/a> <a class=\"shutterset_\" title=\"\" href=\"http:\/\/dpsniemojowice.pl\/2021\/wp-content\/gallery\/dps\/kuchenka-pomocnicza2.jpg\"><img class=\"ngg-singlepic ngg-none alignleft\" alt=\"kuchenka-pomocnicza2\" src=\"http:\/\/dpsniemojowice.pl\/2021\/wp-content\/gallery\/dps\/thumbs\/thumbs_kuchenka-pomocnicza2.jpg\" \/><\/a> <a class=\"shutterset_\" title=\"\" href=\"http:\/\/dpsniemojowice.pl\/2021\/wp-content\/gallery\/dps\/kuchenka-pomocnicza-3.jpg\"><img class=\"ngg-singlepic ngg-none alignleft\" alt=\"kuchenka-pomocnicza-3\" src=\"http:\/\/dpsniemojowice.pl\/2021\/wp-content\/gallery\/dps\/thumbs\/thumbs_kuchenka-pomocnicza-3.jpg\" \/><\/a><\/p>\n<p>&nbsp;<\/p>\n<p>&nbsp;<\/p>\n<p>&nbsp;<\/p>\n<p>&nbsp;<\/p>\n<p>&#8211; dwie pralnie pomocnicze dla mieszka\u0144c\u00f3w<\/p>\n<p><a class=\"shutterset_\" title=\"\" href=\"http:\/\/dpsniemojowice.pl\/2021\/wp-content\/gallery\/dps\/pralnia-pomocnicza-1.jpg\"><img class=\"ngg-singlepic ngg-none alignleft\" alt=\"pralnia-pomocnicza-1\" src=\"http:\/\/dpsniemojowice.pl\/2021\/wp-content\/gallery\/dps\/thumbs\/thumbs_pralnia-pomocnicza-1.jpg\" \/><\/a> <a class=\"shutterset_\" title=\"\" href=\"http:\/\/dpsniemojowice.pl\/2021\/wp-content\/gallery\/dps\/pralnia-pomocnicza-2.jpg\"><img class=\"ngg-singlepic ngg-none alignleft\" alt=\"pralnia-pomocnicza-2\" src=\"http:\/\/dpsniemojowice.pl\/2021\/wp-content\/gallery\/dps\/thumbs\/thumbs_pralnia-pomocnicza-2.jpg\" \/><\/a><\/p>\n<p>&nbsp;<\/p>\n<p>&nbsp;<\/p>\n<p>&nbsp;<\/p>\n<p>&nbsp;<\/p>\n<p>&#8211; gabinet lekarski<\/p>\n<p><a class=\"shutterset_\" title=\"\" href=\"http:\/\/dpsniemojowice.pl\/2021\/wp-content\/gallery\/dps\/gabinet-lekarski.jpg\"><img class=\"ngg-singlepic ngg-none alignleft\" alt=\"gabinet-lekarski\" src=\"http:\/\/dpsniemojowice.pl\/2021\/wp-content\/gallery\/dps\/thumbs\/thumbs_gabinet-lekarski.jpg\" \/><\/a><\/p>\n<p>&nbsp;<\/p>\n<p>&nbsp;<\/p>\n<p>&nbsp;<\/p>\n<p>&nbsp;<\/p>\n<p>&#8211; gabinet pomocy dora\u017anej<\/p>\n<p><a class=\"shutterset_\" title=\"\" href=\"http:\/\/dpsniemojowice.pl\/2021\/wp-content\/gallery\/dps\/gabinet-pomocy-medycznej.jpg\"><img class=\"ngg-singlepic ngg-none alignleft\" alt=\"gabinet-pomocy-medycznej\" src=\"http:\/\/dpsniemojowice.pl\/2021\/wp-content\/gallery\/dps\/thumbs\/thumbs_gabinet-pomocy-medycznej.jpg\" \/><\/a><\/p>\n<p>&nbsp;<\/p>\n<p>&nbsp;<\/p>\n<p>&nbsp;<\/p>\n<p>&nbsp;<\/p>\n<p>&#8211; dwie sale rehabilitacyjne z pe\u0142nym wyposa\u017ceniem,<\/p>\n<p><a class=\"shutterset_\" title=\"\" href=\"http:\/\/dpsniemojowice.pl\/2021\/wp-content\/gallery\/dps\/rehabilitacja-1-a.jpg\"><img class=\"ngg-singlepic ngg-none alignleft\" alt=\"rehabilitacja-1-a\" src=\"http:\/\/dpsniemojowice.pl\/2021\/wp-content\/gallery\/dps\/thumbs\/thumbs_rehabilitacja-1-a.jpg\" \/><\/a> <a class=\"shutterset_\" title=\"\" href=\"http:\/\/dpsniemojowice.pl\/2021\/wp-content\/gallery\/dps\/rehabilitacja-1-b.jpg\"><img class=\"ngg-singlepic ngg-none alignleft\" alt=\"rehabilitacja-1-b\" src=\"http:\/\/dpsniemojowice.pl\/2021\/wp-content\/gallery\/dps\/thumbs\/thumbs_rehabilitacja-1-b.jpg\" \/><\/a> <a class=\"shutterset_\" title=\"\" href=\"http:\/\/dpsniemojowice.pl\/2021\/wp-content\/gallery\/dps\/rehabilitacja-2-a.jpg\"><img class=\"ngg-singlepic ngg-none alignleft\" alt=\"rehabilitacja-2-a\" src=\"http:\/\/dpsniemojowice.pl\/2021\/wp-content\/gallery\/dps\/thumbs\/thumbs_rehabilitacja-2-a.jpg\" \/><\/a> <a class=\"shutterset_\" title=\"\" href=\"http:\/\/dpsniemojowice.pl\/2021\/wp-content\/gallery\/dps\/rehabilitacja-2-b.jpg\"><img class=\"ngg-singlepic ngg-none alignleft\" alt=\"rehabilitacja-2-b\" src=\"http:\/\/dpsniemojowice.pl\/2021\/wp-content\/gallery\/dps\/thumbs\/thumbs_rehabilitacja-2-b.jpg\" \/><\/a><\/p>\n<p>&nbsp;<\/p>\n<p>&nbsp;<\/p>\n<p>&nbsp;<\/p>\n<p>&nbsp;<\/p>\n<p>&#8211; pracownia terapii zaj\u0119ciowej,<\/p>\n<p><a class=\"shutterset_\" title=\"\" href=\"http:\/\/dpsniemojowice.pl\/2021\/wp-content\/gallery\/dps\/terapia-zajeciowa-a.jpg\"><img class=\"ngg-singlepic ngg-none alignleft\" alt=\"terapia-zajeciowa-a\" src=\"http:\/\/dpsniemojowice.pl\/2021\/wp-content\/gallery\/dps\/thumbs\/thumbs_terapia-zajeciowa-a.jpg\" \/><\/a> <a class=\"shutterset_\" title=\"\" href=\"http:\/\/dpsniemojowice.pl\/2021\/wp-content\/gallery\/dps\/terapia-zajeciowa-b.jpg\"><img class=\"ngg-singlepic ngg-none alignleft\" alt=\"terapia-zajeciowa-b\" src=\"http:\/\/dpsniemojowice.pl\/2021\/wp-content\/gallery\/dps\/thumbs\/thumbs_terapia-zajeciowa-b.jpg\" \/><\/a><\/p>\n<p>&nbsp;<\/p>\n<p>&nbsp;<\/p>\n<p>&nbsp;<\/p>\n<p>&nbsp;<\/p>\n<p>&#8211; kuchnia,<\/p>\n<p><a class=\"shutterset_\" title=\"\" href=\"http:\/\/dpsniemojowice.pl\/2021\/wp-content\/gallery\/dps\/kuchnia-a.jpg\"><img class=\"ngg-singlepic ngg-none alignleft\" alt=\"kuchnia-a\" src=\"http:\/\/dpsniemojowice.pl\/2021\/wp-content\/gallery\/dps\/thumbs\/thumbs_kuchnia-a.jpg\" \/><\/a> <a class=\"shutterset_\" title=\"\" href=\"http:\/\/dpsniemojowice.pl\/2021\/wp-content\/gallery\/dps\/kuchnia-b.jpg\"><img class=\"ngg-singlepic ngg-none alignleft\" alt=\"kuchnia-b\" src=\"http:\/\/dpsniemojowice.pl\/2021\/wp-content\/gallery\/dps\/thumbs\/thumbs_kuchnia-b.jpg\" \/><\/a> <a class=\"shutterset_\" title=\"\" href=\"http:\/\/dpsniemojowice.pl\/2021\/wp-content\/gallery\/dps\/jadalnia-stolowka.jpg\"><img class=\"ngg-singlepic ngg-none alignleft\" alt=\"jadalnia-stolowka\" src=\"http:\/\/dpsniemojowice.pl\/2021\/wp-content\/gallery\/dps\/thumbs\/thumbs_jadalnia-stolowka.jpg\" \/><\/a><\/p>\n<p>&nbsp;<\/p>\n<p>&nbsp;<\/p>\n<p>&nbsp;<\/p>\n<p>&nbsp;<\/p>\n<p>&#8211; zbi\u00f3r biblioteczny,<\/p>\n<p>&#8211; pok\u00f3j go\u015bcinny<\/p>\n<p><a class=\"shutterset_\" title=\"\" href=\"http:\/\/dpsniemojowice.pl\/2021\/wp-content\/gallery\/dps\/pokoj-dzienny.jpg\"><img class=\"ngg-singlepic ngg-none alignleft\" alt=\"pokoj-dzienny\" src=\"http:\/\/dpsniemojowice.pl\/2021\/wp-content\/gallery\/dps\/thumbs\/thumbs_pokoj-dzienny.jpg\" \/><\/a> <a class=\"shutterset_\" title=\"\" href=\"http:\/\/dpsniemojowice.pl\/2021\/wp-content\/gallery\/dps\/pokoj-dzienny-2.jpg\"><img class=\"ngg-singlepic ngg-none alignleft\" alt=\"pokoj-dzienny-2\" src=\"http:\/\/dpsniemojowice.pl\/2021\/wp-content\/gallery\/dps\/thumbs\/thumbs_pokoj-dzienny-2.jpg\" \/><\/a><\/p>\n<p>&nbsp;<\/p>\n<p>&nbsp;<\/p>\n<p>&nbsp;<\/p>\n<p>&nbsp;<\/p>\n<p>&#8211; kaplica<\/p>\n<p><a class=\"shutterset_\" title=\"\" href=\"http:\/\/dpsniemojowice.pl\/2021\/wp-content\/gallery\/dps\/kaplica-a.jpg\"><img class=\"ngg-singlepic ngg-none alignleft\" alt=\"kaplica-a\" src=\"http:\/\/dpsniemojowice.pl\/2021\/wp-content\/gallery\/dps\/thumbs\/thumbs_kaplica-a.jpg\" \/><\/a> <a class=\"shutterset_\" title=\"\" href=\"http:\/\/dpsniemojowice.pl\/2021\/wp-content\/gallery\/dps\/kaplica-b.jpg\"><img class=\"ngg-singlepic ngg-none alignleft\" alt=\"kaplica-b\" src=\"http:\/\/dpsniemojowice.pl\/2021\/wp-content\/gallery\/dps\/thumbs\/thumbs_kaplica-b.jpg\" \/><\/a><\/p>\n<p>&nbsp;<\/p>\n<p>&nbsp;<\/p>\n<p>&nbsp;<\/p>\n<p>&nbsp;<\/p>\n<p><strong>Dom prowadzi dzia\u0142alno\u015b\u0107 rekreacyjno \u2013 rozrywkow\u0105, mi\u0119dzy innymi:<\/strong><\/p>\n<p>&#8211; zabawy taneczne we w\u0142asnym gronie, jak r\u00f3wnie\u017c z udzia\u0142em mieszka\u0144c\u00f3w z innych dps-\u00f3w<\/p>\n<p>&#8211; wycieczki turystyczno \u2013 krajoznawcze<\/p>\n<p>&#8211; okazjonalne spotkania z dzie\u0107mi i m\u0142odzie\u017c\u0105<\/p>\n<p>&#8211; spotkania podczas gier towarzyskich, turniej\u00f3w, guiz\u00f3w i konkurs\u00f3w<\/p>\n","protected":false},"excerpt":{"rendered":"<p>DOM POMOCY SPO\u0141ECZNEJ W NIEMOJOWICACH SPE\u0141NIA WYMAGANE STANDARDY &#8211; dzia\u0142a na podstawie decyzji Wojewody \u0141\u00f3dzkiego z dnia 16 listopada 2012r. zezwalaj\u0105cej na prowadzenie plac\u00f3wki na czas nieokre\u015blony &nbsp; Dom Pomocy Spo\u0142ecznej w Niemojowicach, Niemojowice 68, 26-330 \u017barn\u00f3w jest samodzieln\u0105 jednostk\u0105 organizacyjn\u0105 i bud\u017cetow\u0105 o zasi\u0119gu ponadgminnym, podleg\u0142\u0105 bezpo\u015brednio Zarz\u0105dowi Powiatu Opoczy\u0144skiego. &nbsp; W dniu 8 [&hellip;]<\/p>\n","protected":false},"author":1,"featured_media":0,"parent":0,"menu_order":0,"comment_status":"open","ping_status":"open","template":"","meta":{"ngg_post_thumbnail":0},"_links":{"self":[{"href":"https:\/\/dpsniemojowice.pl\/2021\/wp-json\/wp\/v2\/pages\/16"}],"collection":[{"href":"https:\/\/dpsniemojowice.pl\/2021\/wp-json\/wp\/v2\/pages"}],"about":[{"href":"https:\/\/dpsniemojowice.pl\/2021\/wp-json\/wp\/v2\/types\/page"}],"author":[{"embeddable":true,"href":"https:\/\/dpsniemojowice.pl\/2021\/wp-json\/wp\/v2\/users\/1"}],"replies":[{"embeddable":true,"href":"https:\/\/dpsniemojowice.pl\/2021\/wp-json\/wp\/v2\/comments?post=16"}],"version-history":[{"count":8,"href":"https:\/\/dpsniemojowice.pl\/2021\/wp-json\/wp\/v2\/pages\/16\/revisions"}],"predecessor-version":[{"id":809,"href":"https:\/\/dpsniemojowice.pl\/2021\/wp-json\/wp\/v2\/pages\/16\/revisions\/809"}],"wp:attachment":[{"href":"https:\/\/dpsniemojowice.pl\/2021\/wp-json\/wp\/v2\/media?parent=16"}],"curies":[{"name":"wp","href":"https:\/\/api.w.org\/{rel}","templated":true}]}}