{"id":35,"date":"2013-02-22T08:29:10","date_gmt":"2013-02-22T08:29:10","guid":{"rendered":"http:\/\/dpsniemojowice.pl\/2021\/?page_id=35"},"modified":"2013-02-22T08:36:51","modified_gmt":"2013-02-22T08:36:51","slug":"galerie","status":"publish","type":"page","link":"https:\/\/dpsniemojowice.pl\/2021\/galerie\/","title":{"rendered":"Galerie"},"content":{"rendered":"<ul class=\"ngg-breadcrumbs\">\n    <\/ul>\n<div class=\"ngg-albumoverview\">\t\n\t<!-- List of galleries -->\n\t\n\t<div class=\"ngg-album\">\n\t\t<div class=\"ngg-albumtitle\"><a href=\"https:\/\/dpsniemojowice.pl\/2021\/galerie\/nggallery\/galerie\/dzien-kobiet-2\">DZIE\u0143 KOBIET<\/a><\/div>\n\t\t\t<div class=\"ngg-albumcontent\">\n\t\t\t\t<div class=\"ngg-thumbnail\">\n\t\t\t\t\t<a href=\"https:\/\/dpsniemojowice.pl\/2021\/galerie\/nggallery\/galerie\/dzien-kobiet-2\"><img class=\"Thumb\" alt=\"DZIE\u0143 KOBIET\" src=\"https:\/\/dpsniemojowice.pl\/2021\/wp-content\/gallery\/dzien-kobiet-2\/cache\/dsc04980.jpg-nggid03380-ngg0dyn-240x160x100-00f0w010c011r110f110r010t010.jpg\"\/><\/a>\n\t\t\t\t<\/div>\n\t\t\t\t<div class=\"ngg-description\">\n\t\t\t\t<p><\/p>\n\t\t\t\t\t\t\t\t<p class=\"ngg-album-gallery-image-counter\"><strong>3<\/strong>&nbsp;Zdj\u0119\u0107<\/p>\n\t\t\t\t\t\t\t<\/div>\n\t\t<\/div>\n\t<\/div>\n\n \t\n\t<div class=\"ngg-album\">\n\t\t<div class=\"ngg-albumtitle\"><a href=\"https:\/\/dpsniemojowice.pl\/2021\/galerie\/nggallery\/galerie\/bal-karnawalowo-ostatkowy\">BAL KARNAWA\u0141OWO \u2013 OSTATKOWY<\/a><\/div>\n\t\t\t<div class=\"ngg-albumcontent\">\n\t\t\t\t<div class=\"ngg-thumbnail\">\n\t\t\t\t\t<a href=\"https:\/\/dpsniemojowice.pl\/2021\/galerie\/nggallery\/galerie\/bal-karnawalowo-ostatkowy\"><img class=\"Thumb\" alt=\"BAL KARNAWA\u0141OWO \u2013 OSTATKOWY\" src=\"https:\/\/dpsniemojowice.pl\/2021\/wp-content\/gallery\/bal-karnawalowo-ostatkowy\/cache\/dsc04651.jpg-nggid03371-ngg0dyn-240x160x100-00f0w010c011r110f110r010t010.jpg\"\/><\/a>\n\t\t\t\t<\/div>\n\t\t\t\t<div class=\"ngg-description\">\n\t\t\t\t<p><\/p>\n\t\t\t\t\t\t\t\t<p class=\"ngg-album-gallery-image-counter\"><strong>6<\/strong>&nbsp;Zdj\u0119\u0107<\/p>\n\t\t\t\t\t\t\t<\/div>\n\t\t<\/div>\n\t<\/div>\n\n \t\n\t<div class=\"ngg-album\">\n\t\t<div class=\"ngg-albumtitle\"><a href=\"https:\/\/dpsniemojowice.pl\/2021\/galerie\/nggallery\/galerie\/sylwester-2014\">SYLWESTER 2014<\/a><\/div>\n\t\t\t<div class=\"ngg-albumcontent\">\n\t\t\t\t<div class=\"ngg-thumbnail\">\n\t\t\t\t\t<a href=\"https:\/\/dpsniemojowice.pl\/2021\/galerie\/nggallery\/galerie\/sylwester-2014\"><img class=\"Thumb\" alt=\"SYLWESTER 2014\" src=\"https:\/\/dpsniemojowice.pl\/2021\/wp-content\/gallery\/sylwester-2014\/cache\/dsc04478.jpg-nggid03359-ngg0dyn-240x160x100-00f0w010c011r110f110r010t010.jpg\"\/><\/a>\n\t\t\t\t<\/div>\n\t\t\t\t<div class=\"ngg-description\">\n\t\t\t\t<p><\/p>\n\t\t\t\t\t\t\t\t<p class=\"ngg-album-gallery-image-counter\"><strong>3<\/strong>&nbsp;Zdj\u0119\u0107<\/p>\n\t\t\t\t\t\t\t<\/div>\n\t\t<\/div>\n\t<\/div>\n\n \t\n\t<div class=\"ngg-album\">\n\t\t<div class=\"ngg-albumtitle\"><a href=\"https:\/\/dpsniemojowice.pl\/2021\/galerie\/nggallery\/galerie\/wystep-dzieci-ze-szkoly-podstawowej-w-miedznej-drewnianej\">WYST\u0118P DZIECI ZE SZKO\u0141Y PODSTAWOWEJ  W MIEDZNEJ DREWNIANEJ <\/a><\/div>\n\t\t\t<div class=\"ngg-albumcontent\">\n\t\t\t\t<div class=\"ngg-thumbnail\">\n\t\t\t\t\t<a href=\"https:\/\/dpsniemojowice.pl\/2021\/galerie\/nggallery\/galerie\/wystep-dzieci-ze-szkoly-podstawowej-w-miedznej-drewnianej\"><img class=\"Thumb\" alt=\"WYST\u0118P DZIECI ZE SZKO\u0141Y PODSTAWOWEJ  W MIEDZNEJ DREWNIANEJ \" src=\"https:\/\/dpsniemojowice.pl\/2021\/wp-content\/gallery\/wystep-dzieci-ze-szkoly-podstawowej-w-miedznej-drewnianej\/cache\/dsc04422.jpg-nggid03355-ngg0dyn-240x160x100-00f0w010c011r110f110r010t010.jpg\"\/><\/a>\n\t\t\t\t<\/div>\n\t\t\t\t<div class=\"ngg-description\">\n\t\t\t\t<p><\/p>\n\t\t\t\t\t\t\t\t<p class=\"ngg-album-gallery-image-counter\"><strong>4<\/strong>&nbsp;Zdj\u0119\u0107<\/p>\n\t\t\t\t\t\t\t<\/div>\n\t\t<\/div>\n\t<\/div>\n\n \t\n\t<div class=\"ngg-album\">\n\t\t<div class=\"ngg-albumtitle\"><a href=\"https:\/\/dpsniemojowice.pl\/2021\/galerie\/nggallery\/galerie\/wigilia-2014\">WIGILIA 2014<\/a><\/div>\n\t\t\t<div class=\"ngg-albumcontent\">\n\t\t\t\t<div class=\"ngg-thumbnail\">\n\t\t\t\t\t<a href=\"https:\/\/dpsniemojowice.pl\/2021\/galerie\/nggallery\/galerie\/wigilia-2014\"><img class=\"Thumb\" alt=\"WIGILIA 2014\" src=\"https:\/\/dpsniemojowice.pl\/2021\/wp-content\/gallery\/wigilia-2014\/cache\/dsc04363.jpg-nggid03352-ngg0dyn-240x160x100-00f0w010c011r110f110r010t010.jpg\"\/><\/a>\n\t\t\t\t<\/div>\n\t\t\t\t<div class=\"ngg-description\">\n\t\t\t\t<p><\/p>\n\t\t\t\t\t\t\t\t<p class=\"ngg-album-gallery-image-counter\"><strong>3<\/strong>&nbsp;Zdj\u0119\u0107<\/p>\n\t\t\t\t\t\t\t<\/div>\n\t\t<\/div>\n\t<\/div>\n\n \t\n\t<div class=\"ngg-album\">\n\t\t<div class=\"ngg-albumtitle\"><a href=\"https:\/\/dpsniemojowice.pl\/2021\/galerie\/nggallery\/galerie\/halloween\">HALLOWEEN<\/a><\/div>\n\t\t\t<div class=\"ngg-albumcontent\">\n\t\t\t\t<div class=\"ngg-thumbnail\">\n\t\t\t\t\t<a href=\"https:\/\/dpsniemojowice.pl\/2021\/galerie\/nggallery\/galerie\/halloween\"><img class=\"Thumb\" alt=\"HALLOWEEN\" src=\"https:\/\/dpsniemojowice.pl\/2021\/wp-content\/gallery\/halloween\/cache\/dsc03620.jpg-nggid03331-ngg0dyn-240x160x100-00f0w010c011r110f110r010t010.jpg\"\/><\/a>\n\t\t\t\t<\/div>\n\t\t\t\t<div class=\"ngg-description\">\n\t\t\t\t<p><\/p>\n\t\t\t\t\t\t\t\t<p class=\"ngg-album-gallery-image-counter\"><strong>6<\/strong>&nbsp;Zdj\u0119\u0107<\/p>\n\t\t\t\t\t\t\t<\/div>\n\t\t<\/div>\n\t<\/div>\n\n \t\n\t<div class=\"ngg-album\">\n\t\t<div class=\"ngg-albumtitle\"><a href=\"https:\/\/dpsniemojowice.pl\/2021\/galerie\/nggallery\/galerie\/andrzejki-w-domu-pomocy-spolecznej-w-niemojowicach\">Andrzejki w Domu Pomocy Spo\u0142ecznej w Niemojowicach<\/a><\/div>\n\t\t\t<div class=\"ngg-albumcontent\">\n\t\t\t\t<div class=\"ngg-thumbnail\">\n\t\t\t\t\t<a href=\"https:\/\/dpsniemojowice.pl\/2021\/galerie\/nggallery\/galerie\/andrzejki-w-domu-pomocy-spolecznej-w-niemojowicach\"><img class=\"Thumb\" alt=\"Andrzejki w Domu Pomocy Spo\u0142ecznej w Niemojowicach\" src=\"https:\/\/dpsniemojowice.pl\/2021\/wp-content\/gallery\/andrzejki-w-domu-pomocy-spolecznej-w-niemojowicach\/cache\/img_9640.jpg-nggid03218-ngg0dyn-240x160x100-00f0w010c011r110f110r010t010.jpg\"\/><\/a>\n\t\t\t\t<\/div>\n\t\t\t\t<div class=\"ngg-description\">\n\t\t\t\t<p><\/p>\n\t\t\t\t\t\t\t\t<p class=\"ngg-album-gallery-image-counter\"><strong>8<\/strong>&nbsp;Zdj\u0119\u0107<\/p>\n\t\t\t\t\t\t\t<\/div>\n\t\t<\/div>\n\t<\/div>\n\n \t\n\t<div class=\"ngg-album\">\n\t\t<div class=\"ngg-albumtitle\"><a href=\"https:\/\/dpsniemojowice.pl\/2021\/galerie\/nggallery\/galerie\/dzien-papieski-w-domu-pomocy-spolecznej-w-niemojowicach\">Dzie\u0144 Papieski w Domu Pomocy Spo\u0142ecznej w Niemojowicach<\/a><\/div>\n\t\t\t<div class=\"ngg-albumcontent\">\n\t\t\t\t<div class=\"ngg-thumbnail\">\n\t\t\t\t\t<a href=\"https:\/\/dpsniemojowice.pl\/2021\/galerie\/nggallery\/galerie\/dzien-papieski-w-domu-pomocy-spolecznej-w-niemojowicach\"><img class=\"Thumb\" alt=\"Dzie\u0144 Papieski w Domu Pomocy Spo\u0142ecznej w Niemojowicach\" src=\"https:\/\/dpsniemojowice.pl\/2021\/wp-content\/gallery\/dzien-papieski-w-domu-pomocy-spolecznej-w-niemojowicach\/cache\/glowne.jpg-nggid03214-ngg0dyn-240x160x100-00f0w010c011r110f110r010t010.jpg\"\/><\/a>\n\t\t\t\t<\/div>\n\t\t\t\t<div class=\"ngg-description\">\n\t\t\t\t<p><\/p>\n\t\t\t\t\t\t\t\t<p class=\"ngg-album-gallery-image-counter\"><strong>5<\/strong>&nbsp;Zdj\u0119\u0107<\/p>\n\t\t\t\t\t\t\t<\/div>\n\t\t<\/div>\n\t<\/div>\n\n \t\n\t<div class=\"ngg-album\">\n\t\t<div class=\"ngg-albumtitle\"><a href=\"https:\/\/dpsniemojowice.pl\/2021\/galerie\/nggallery\/galerie\/opactwo-cystersow-w-wachocku-oraz-zywe-muzeum-porcelany-w-cmielowie\">Opactwo Cysters\u00f3w w W\u0105chocku oraz \u017bywe Muzeum Porcelany w \u0106mielowie <\/a><\/div>\n\t\t\t<div class=\"ngg-albumcontent\">\n\t\t\t\t<div class=\"ngg-thumbnail\">\n\t\t\t\t\t<a href=\"https:\/\/dpsniemojowice.pl\/2021\/galerie\/nggallery\/galerie\/opactwo-cystersow-w-wachocku-oraz-zywe-muzeum-porcelany-w-cmielowie\"><img class=\"Thumb\" alt=\"Opactwo Cysters\u00f3w w W\u0105chocku oraz \u017bywe Muzeum Porcelany w \u0106mielowie \" src=\"https:\/\/dpsniemojowice.pl\/2021\/wp-content\/gallery\/opactwo-cystersow-w-wachocku-oraz-zywe-muzeum-porcelany-w-cmielowie\/cache\/100_3896.jpg-nggid03203-ngg0dyn-240x160x100-00f0w010c011r110f110r010t010.jpg\"\/><\/a>\n\t\t\t\t<\/div>\n\t\t\t\t<div class=\"ngg-description\">\n\t\t\t\t<p><\/p>\n\t\t\t\t\t\t\t\t<p class=\"ngg-album-gallery-image-counter\"><strong>6<\/strong>&nbsp;Zdj\u0119\u0107<\/p>\n\t\t\t\t\t\t\t<\/div>\n\t\t<\/div>\n\t<\/div>\n\n \t\n\t<div class=\"ngg-album\">\n\t\t<div class=\"ngg-albumtitle\"><a href=\"https:\/\/dpsniemojowice.pl\/2021\/galerie\/nggallery\/galerie\/spotkanie-ze-sztuka\">Spotkanie ze sztuk\u0105<\/a><\/div>\n\t\t\t<div class=\"ngg-albumcontent\">\n\t\t\t\t<div class=\"ngg-thumbnail\">\n\t\t\t\t\t<a href=\"https:\/\/dpsniemojowice.pl\/2021\/galerie\/nggallery\/galerie\/spotkanie-ze-sztuka\"><img class=\"Thumb\" alt=\"Spotkanie ze sztuk\u0105\" src=\"https:\/\/dpsniemojowice.pl\/2021\/wp-content\/gallery\/spotkanie-ze-sztuka\/cache\/101_3873.jpg-nggid03202-ngg0dyn-240x160x100-00f0w010c011r110f110r010t010.jpg\"\/><\/a>\n\t\t\t\t<\/div>\n\t\t\t\t<div class=\"ngg-description\">\n\t\t\t\t<p><\/p>\n\t\t\t\t\t\t\t\t<p class=\"ngg-album-gallery-image-counter\"><strong>7<\/strong>&nbsp;Zdj\u0119\u0107<\/p>\n\t\t\t\t\t\t\t<\/div>\n\t\t<\/div>\n\t<\/div>\n\n \t\n\t<div class=\"ngg-album\">\n\t\t<div class=\"ngg-albumtitle\"><a href=\"https:\/\/dpsniemojowice.pl\/2021\/galerie\/nggallery\/galerie\/cwiczenia-ewakuacyjne-i-przeciwpozarowe-w-dps\">\u0106wiczenia ewakuacyjne i przeciwpo\u017carowe w DPS<\/a><\/div>\n\t\t\t<div class=\"ngg-albumcontent\">\n\t\t\t\t<div class=\"ngg-thumbnail\">\n\t\t\t\t\t<a href=\"https:\/\/dpsniemojowice.pl\/2021\/galerie\/nggallery\/galerie\/cwiczenia-ewakuacyjne-i-przeciwpozarowe-w-dps\"><img class=\"Thumb\" alt=\"\u0106wiczenia ewakuacyjne i przeciwpo\u017carowe w DPS\" src=\"https:\/\/dpsniemojowice.pl\/2021\/wp-content\/gallery\/cwiczenia-ewakuacyjne-i-przeciwpozarowe-w-dps\/cache\/101_3767.jpg-nggid03195-ngg0dyn-240x160x100-00f0w010c011r110f110r010t010.jpg\"\/><\/a>\n\t\t\t\t<\/div>\n\t\t\t\t<div class=\"ngg-description\">\n\t\t\t\t<p><\/p>\n\t\t\t\t\t\t\t\t<p class=\"ngg-album-gallery-image-counter\"><strong>14<\/strong>&nbsp;Zdj\u0119\u0107<\/p>\n\t\t\t\t\t\t\t<\/div>\n\t\t<\/div>\n\t<\/div>\n\n \t\n\t<div class=\"ngg-album\">\n\t\t<div class=\"ngg-albumtitle\"><a href=\"https:\/\/dpsniemojowice.pl\/2021\/galerie\/nggallery\/galerie\/ii-spotkanie-integracyjne-trzech-domow-pomocy-spolecznej-konskie-drzewica-i-niemojowice\"> II spotkanie integracyjne trzech Dom\u00f3w Pomocy Spo\u0142ecznej:  Ko\u0144skie, Drzewica i Niemojowice<\/a><\/div>\n\t\t\t<div class=\"ngg-albumcontent\">\n\t\t\t\t<div class=\"ngg-thumbnail\">\n\t\t\t\t\t<a href=\"https:\/\/dpsniemojowice.pl\/2021\/galerie\/nggallery\/galerie\/ii-spotkanie-integracyjne-trzech-domow-pomocy-spolecznej-konskie-drzewica-i-niemojowice\"><img class=\"Thumb\" alt=\" II spotkanie integracyjne trzech Dom\u00f3w Pomocy Spo\u0142ecznej:  Ko\u0144skie, Drzewica i Niemojowice\" src=\"https:\/\/dpsniemojowice.pl\/2021\/wp-content\/gallery\/ii-spotkanie-integracyjne-trzech-domow-pomocy-spolecznej-konskie-drzewica-i-niemojowice\/cache\/img_9068.jpg-nggid03180-ngg0dyn-240x160x100-00f0w010c011r110f110r010t010.jpg\"\/><\/a>\n\t\t\t\t<\/div>\n\t\t\t\t<div class=\"ngg-description\">\n\t\t\t\t<p><\/p>\n\t\t\t\t\t\t\t\t<p class=\"ngg-album-gallery-image-counter\"><strong>18<\/strong>&nbsp;Zdj\u0119\u0107<\/p>\n\t\t\t\t\t\t\t<\/div>\n\t\t<\/div>\n\t<\/div>\n\n \t\n\t<div class=\"ngg-album\">\n\t\t<div class=\"ngg-albumtitle\"><a href=\"https:\/\/dpsniemojowice.pl\/2021\/galerie\/nggallery\/galerie\/wycieczka-do-warszawy\">Wycieczka do Warszawy<\/a><\/div>\n\t\t\t<div class=\"ngg-albumcontent\">\n\t\t\t\t<div class=\"ngg-thumbnail\">\n\t\t\t\t\t<a href=\"https:\/\/dpsniemojowice.pl\/2021\/galerie\/nggallery\/galerie\/wycieczka-do-warszawy\"><img class=\"Thumb\" alt=\"Wycieczka do Warszawy\" src=\"https:\/\/dpsniemojowice.pl\/2021\/wp-content\/gallery\/wycieczka-do-warszawy\/cache\/100_3346.jpg-nggid03109-ngg0dyn-240x160x100-00f0w010c011r110f110r010t010.jpg\"\/><\/a>\n\t\t\t\t<\/div>\n\t\t\t\t<div class=\"ngg-description\">\n\t\t\t\t<p><\/p>\n\t\t\t\t\t\t\t\t<p class=\"ngg-album-gallery-image-counter\"><strong>7<\/strong>&nbsp;Zdj\u0119\u0107<\/p>\n\t\t\t\t\t\t\t<\/div>\n\t\t<\/div>\n\t<\/div>\n\n \t\n\t<div class=\"ngg-album\">\n\t\t<div class=\"ngg-albumtitle\"><a href=\"https:\/\/dpsniemojowice.pl\/2021\/galerie\/nggallery\/galerie\/poswiecenie-figury-matki-bozej\">PO\u015aWI\u0118CENIE FIGURY MATKI BO\u017bEJ<\/a><\/div>\n\t\t\t<div class=\"ngg-albumcontent\">\n\t\t\t\t<div class=\"ngg-thumbnail\">\n\t\t\t\t\t<a href=\"https:\/\/dpsniemojowice.pl\/2021\/galerie\/nggallery\/galerie\/poswiecenie-figury-matki-bozej\"><img class=\"Thumb\" alt=\"PO\u015aWI\u0118CENIE FIGURY MATKI BO\u017bEJ\" src=\"https:\/\/dpsniemojowice.pl\/2021\/wp-content\/gallery\/poswiecenie-figury-matki-bozej\/cache\/img_7732.jpg-nggid03102-ngg0dyn-240x160x100-00f0w010c011r110f110r010t010.jpg\"\/><\/a>\n\t\t\t\t<\/div>\n\t\t\t\t<div class=\"ngg-description\">\n\t\t\t\t<p><\/p>\n\t\t\t\t\t\t\t\t<p class=\"ngg-album-gallery-image-counter\"><strong>7<\/strong>&nbsp;Zdj\u0119\u0107<\/p>\n\t\t\t\t\t\t\t<\/div>\n\t\t<\/div>\n\t<\/div>\n\n \t\n\t<div class=\"ngg-album\">\n\t\t<div class=\"ngg-albumtitle\"><a href=\"https:\/\/dpsniemojowice.pl\/2021\/galerie\/nggallery\/galerie\/dzien-matki\">Dzie\u0144 Matki<\/a><\/div>\n\t\t\t<div class=\"ngg-albumcontent\">\n\t\t\t\t<div class=\"ngg-thumbnail\">\n\t\t\t\t\t<a href=\"https:\/\/dpsniemojowice.pl\/2021\/galerie\/nggallery\/galerie\/dzien-matki\"><img class=\"Thumb\" alt=\"Dzie\u0144 Matki\" src=\"https:\/\/dpsniemojowice.pl\/2021\/wp-content\/gallery\/dzien-matki\/cache\/img_7082.jpg-nggid0295-ngg0dyn-240x160x100-00f0w010c011r110f110r010t010.jpg\"\/><\/a>\n\t\t\t\t<\/div>\n\t\t\t\t<div class=\"ngg-description\">\n\t\t\t\t<p><\/p>\n\t\t\t\t\t\t\t\t<p class=\"ngg-album-gallery-image-counter\"><strong>4<\/strong>&nbsp;Zdj\u0119\u0107<\/p>\n\t\t\t\t\t\t\t<\/div>\n\t\t<\/div>\n\t<\/div>\n\n \t\n\t<div class=\"ngg-album\">\n\t\t<div class=\"ngg-albumtitle\"><a href=\"https:\/\/dpsniemojowice.pl\/2021\/galerie\/nggallery\/galerie\/praktyki-zespolu-szkol-zawodowych-w-zarnowie\">Praktyki Zespo\u0142u Szk\u00f3\u0142 Zawodowych w \u017barnowie<\/a><\/div>\n\t\t\t<div class=\"ngg-albumcontent\">\n\t\t\t\t<div class=\"ngg-thumbnail\">\n\t\t\t\t\t<a href=\"https:\/\/dpsniemojowice.pl\/2021\/galerie\/nggallery\/galerie\/praktyki-zespolu-szkol-zawodowych-w-zarnowie\"><img class=\"Thumb\" alt=\"Praktyki Zespo\u0142u Szk\u00f3\u0142 Zawodowych w \u017barnowie\" src=\"https:\/\/dpsniemojowice.pl\/2021\/wp-content\/gallery\/praktyki-zespolu-szkol-zawodowych-w-zarnowie\/cache\/4.jpg-nggid0291-ngg0dyn-240x160x100-00f0w010c011r110f110r010t010.jpg\"\/><\/a>\n\t\t\t\t<\/div>\n\t\t\t\t<div class=\"ngg-description\">\n\t\t\t\t<p><\/p>\n\t\t\t\t\t\t\t\t<p class=\"ngg-album-gallery-image-counter\"><strong>4<\/strong>&nbsp;Zdj\u0119\u0107<\/p>\n\t\t\t\t\t\t\t<\/div>\n\t\t<\/div>\n\t<\/div>\n\n \t\n\t<div class=\"ngg-album\">\n\t\t<div class=\"ngg-albumtitle\"><a href=\"https:\/\/dpsniemojowice.pl\/2021\/galerie\/nggallery\/galerie\/v-powiatowe-spotkanie-integracyjne-srodowisk-osob-niepelnosprawnych\">V Powiatowe Spotkanie Integracyjne \u015arodowisk Os\u00f3b Niepe\u0142nosprawnych<\/a><\/div>\n\t\t\t<div class=\"ngg-albumcontent\">\n\t\t\t\t<div class=\"ngg-thumbnail\">\n\t\t\t\t\t<a href=\"https:\/\/dpsniemojowice.pl\/2021\/galerie\/nggallery\/galerie\/v-powiatowe-spotkanie-integracyjne-srodowisk-osob-niepelnosprawnych\"><img class=\"Thumb\" alt=\"V Powiatowe Spotkanie Integracyjne \u015arodowisk Os\u00f3b Niepe\u0142nosprawnych\" src=\"https:\/\/dpsniemojowice.pl\/2021\/wp-content\/gallery\/v-powiatowe-spotkanie-integracyjne-srodowisk-osob-niepelnosprawnych\/cache\/5.jpg-nggid0287-ngg0dyn-240x160x100-00f0w010c011r110f110r010t010.jpg\"\/><\/a>\n\t\t\t\t<\/div>\n\t\t\t\t<div class=\"ngg-description\">\n\t\t\t\t<p><\/p>\n\t\t\t\t\t\t\t\t<p class=\"ngg-album-gallery-image-counter\"><strong>3<\/strong>&nbsp;Zdj\u0119\u0107<\/p>\n\t\t\t\t\t\t\t<\/div>\n\t\t<\/div>\n\t<\/div>\n\n \t\n\t<div class=\"ngg-album\">\n\t\t<div class=\"ngg-albumtitle\"><a href=\"https:\/\/dpsniemojowice.pl\/2021\/galerie\/nggallery\/galerie\/wesolego-alleluja\">Weso\u0142ego Alleluja!!!<\/a><\/div>\n\t\t\t<div class=\"ngg-albumcontent\">\n\t\t\t\t<div class=\"ngg-thumbnail\">\n\t\t\t\t\t<a href=\"https:\/\/dpsniemojowice.pl\/2021\/galerie\/nggallery\/galerie\/wesolego-alleluja\"><img class=\"Thumb\" alt=\"Weso\u0142ego Alleluja!!!\" src=\"https:\/\/dpsniemojowice.pl\/2021\/wp-content\/gallery\/wesolego-alleluja\/cache\/100_3034.jpg-nggid0284-ngg0dyn-240x160x100-00f0w010c011r110f110r010t010.jpg\"\/><\/a>\n\t\t\t\t<\/div>\n\t\t\t\t<div class=\"ngg-description\">\n\t\t\t\t<p><\/p>\n\t\t\t\t\t\t\t\t<p class=\"ngg-album-gallery-image-counter\"><strong>2<\/strong>&nbsp;Zdj\u0119\u0107<\/p>\n\t\t\t\t\t\t\t<\/div>\n\t\t<\/div>\n\t<\/div>\n\n \t\n\t<div class=\"ngg-album\">\n\t\t<div class=\"ngg-albumtitle\"><a href=\"https:\/\/dpsniemojowice.pl\/2021\/galerie\/nggallery\/galerie\/dzien-kobiet\">Dzie\u0144 Kobiet<\/a><\/div>\n\t\t\t<div class=\"ngg-albumcontent\">\n\t\t\t\t<div class=\"ngg-thumbnail\">\n\t\t\t\t\t<a href=\"https:\/\/dpsniemojowice.pl\/2021\/galerie\/nggallery\/galerie\/dzien-kobiet\"><img class=\"Thumb\" alt=\"Dzie\u0144 Kobiet\" src=\"\"\/><\/a>\n\t\t\t\t<\/div>\n\t\t\t\t<div class=\"ngg-description\">\n\t\t\t\t<p><\/p>\n\t\t\t\t\t\t\t\t<p class=\"ngg-album-gallery-image-counter\"><strong>7<\/strong>&nbsp;Zdj\u0119\u0107<\/p>\n\t\t\t\t\t\t\t<\/div>\n\t\t<\/div>\n\t<\/div>\n\n \t\n\t<div class=\"ngg-album\">\n\t\t<div class=\"ngg-albumtitle\"><a href=\"https:\/\/dpsniemojowice.pl\/2021\/galerie\/nggallery\/galerie\/spotkanie-z-iluzjonista\">Spotkanie z iluzjonist\u0105<\/a><\/div>\n\t\t\t<div class=\"ngg-albumcontent\">\n\t\t\t\t<div class=\"ngg-thumbnail\">\n\t\t\t\t\t<a href=\"https:\/\/dpsniemojowice.pl\/2021\/galerie\/nggallery\/galerie\/spotkanie-z-iluzjonista\"><img class=\"Thumb\" alt=\"Spotkanie z iluzjonist\u0105\" src=\"https:\/\/dpsniemojowice.pl\/2021\/wp-content\/gallery\/spotkanie-z-iluzjonista\/cache\/100_2945.jpg-nggid0223-ngg0dyn-240x160x100-00f0w010c011r110f110r010t010.jpg\"\/><\/a>\n\t\t\t\t<\/div>\n\t\t\t\t<div class=\"ngg-description\">\n\t\t\t\t<p><\/p>\n\t\t\t\t\t\t\t\t<p class=\"ngg-album-gallery-image-counter\"><strong>7<\/strong>&nbsp;Zdj\u0119\u0107<\/p>\n\t\t\t\t\t\t\t<\/div>\n\t\t<\/div>\n\t<\/div>\n\n \t\n\t<div class=\"ngg-album\">\n\t\t<div class=\"ngg-albumtitle\"><a href=\"https:\/\/dpsniemojowice.pl\/2021\/galerie\/nggallery\/galerie\/walentynki\">Walentynki<\/a><\/div>\n\t\t\t<div class=\"ngg-albumcontent\">\n\t\t\t\t<div class=\"ngg-thumbnail\">\n\t\t\t\t\t<a href=\"https:\/\/dpsniemojowice.pl\/2021\/galerie\/nggallery\/galerie\/walentynki\"><img class=\"Thumb\" alt=\"Walentynki\" src=\"https:\/\/dpsniemojowice.pl\/2021\/wp-content\/gallery\/walentynki\/cache\/100_2893.jpg-nggid0230-ngg0dyn-240x160x100-00f0w010c011r110f110r010t010.jpg\"\/><\/a>\n\t\t\t\t<\/div>\n\t\t\t\t<div class=\"ngg-description\">\n\t\t\t\t<p><\/p>\n\t\t\t\t\t\t\t\t<p class=\"ngg-album-gallery-image-counter\"><strong>7<\/strong>&nbsp;Zdj\u0119\u0107<\/p>\n\t\t\t\t\t\t\t<\/div>\n\t\t<\/div>\n\t<\/div>\n\n \t\n\t<div class=\"ngg-album\">\n\t\t<div class=\"ngg-albumtitle\"><a href=\"https:\/\/dpsniemojowice.pl\/2021\/galerie\/nggallery\/galerie\/zabawa-ostatkowa\">Zabawa ostatkowa<\/a><\/div>\n\t\t\t<div class=\"ngg-albumcontent\">\n\t\t\t\t<div class=\"ngg-thumbnail\">\n\t\t\t\t\t<a href=\"https:\/\/dpsniemojowice.pl\/2021\/galerie\/nggallery\/galerie\/zabawa-ostatkowa\"><img class=\"Thumb\" alt=\"Zabawa ostatkowa\" src=\"https:\/\/dpsniemojowice.pl\/2021\/wp-content\/gallery\/bal-karnawalowy\/cache\/100_2859.jpg-nggid0216-ngg0dyn-240x160x100-00f0w010c011r110f110r010t010.jpg\"\/><\/a>\n\t\t\t\t<\/div>\n\t\t\t\t<div class=\"ngg-description\">\n\t\t\t\t<p><\/p>\n\t\t\t\t\t\t\t\t<p class=\"ngg-album-gallery-image-counter\"><strong>3<\/strong>&nbsp;Zdj\u0119\u0107<\/p>\n\t\t\t\t\t\t\t<\/div>\n\t\t<\/div>\n\t<\/div>\n\n \t\n\t<div class=\"ngg-album\">\n\t\t<div class=\"ngg-albumtitle\"><a href=\"https:\/\/dpsniemojowice.pl\/2021\/galerie\/nggallery\/galerie\/fryzjerki\">Fryzjerki<\/a><\/div>\n\t\t\t<div class=\"ngg-albumcontent\">\n\t\t\t\t<div class=\"ngg-thumbnail\">\n\t\t\t\t\t<a href=\"https:\/\/dpsniemojowice.pl\/2021\/galerie\/nggallery\/galerie\/fryzjerki\"><img class=\"Thumb\" alt=\"Fryzjerki\" src=\"https:\/\/dpsniemojowice.pl\/2021\/wp-content\/gallery\/fryzjerki\/cache\/100_2821.jpg-nggid0234-ngg0dyn-240x160x100-00f0w010c011r110f110r010t010.jpg\"\/><\/a>\n\t\t\t\t<\/div>\n\t\t\t\t<div class=\"ngg-description\">\n\t\t\t\t<p><\/p>\n\t\t\t\t\t\t\t\t<p class=\"ngg-album-gallery-image-counter\"><strong>2<\/strong>&nbsp;Zdj\u0119\u0107<\/p>\n\t\t\t\t\t\t\t<\/div>\n\t\t<\/div>\n\t<\/div>\n\n \t\n\t<div class=\"ngg-album\">\n\t\t<div class=\"ngg-albumtitle\"><a href=\"https:\/\/dpsniemojowice.pl\/2021\/galerie\/nggallery\/galerie\/dzien-babci-i-dziadka\">Dzie\u0144 Babci i Dziadka<\/a><\/div>\n\t\t\t<div class=\"ngg-albumcontent\">\n\t\t\t\t<div class=\"ngg-thumbnail\">\n\t\t\t\t\t<a href=\"https:\/\/dpsniemojowice.pl\/2021\/galerie\/nggallery\/galerie\/dzien-babci-i-dziadka\"><img class=\"Thumb\" alt=\"Dzie\u0144 Babci i Dziadka\" src=\"https:\/\/dpsniemojowice.pl\/2021\/wp-content\/gallery\/dzien-babci-i-dziadka\/cache\/100_2816.jpg-nggid0232-ngg0dyn-240x160x100-00f0w010c011r110f110r010t010.jpg\"\/><\/a>\n\t\t\t\t<\/div>\n\t\t\t\t<div class=\"ngg-description\">\n\t\t\t\t<p><\/p>\n\t\t\t\t\t\t\t\t<p class=\"ngg-album-gallery-image-counter\"><strong>2<\/strong>&nbsp;Zdj\u0119\u0107<\/p>\n\t\t\t\t\t\t\t<\/div>\n\t\t<\/div>\n\t<\/div>\n\n \t\n\t<div class=\"ngg-album\">\n\t\t<div class=\"ngg-albumtitle\"><a href=\"https:\/\/dpsniemojowice.pl\/2021\/galerie\/nggallery\/galerie\/bal-karnawalowy\">Bal karnawa\u0142owy<\/a><\/div>\n\t\t\t<div class=\"ngg-albumcontent\">\n\t\t\t\t<div class=\"ngg-thumbnail\">\n\t\t\t\t\t<a href=\"https:\/\/dpsniemojowice.pl\/2021\/galerie\/nggallery\/galerie\/bal-karnawalowy\"><img class=\"Thumb\" alt=\"Bal karnawa\u0142owy\" src=\"https:\/\/dpsniemojowice.pl\/2021\/wp-content\/gallery\/bal-karnawalowy_1\/cache\/bal.jpg-nggid0235-ngg0dyn-240x160x100-00f0w010c011r110f110r010t010.jpg\"\/><\/a>\n\t\t\t\t<\/div>\n\t\t\t\t<div class=\"ngg-description\">\n\t\t\t\t<p><\/p>\n\t\t\t\t\t\t\t\t<p class=\"ngg-album-gallery-image-counter\"><strong>1<\/strong>&nbsp;Zdj\u0119\u0107<\/p>\n\t\t\t\t\t\t\t<\/div>\n\t\t<\/div>\n\t<\/div>\n\n \t\n\t<div class=\"ngg-album\">\n\t\t<div class=\"ngg-albumtitle\"><a href=\"https:\/\/dpsniemojowice.pl\/2021\/galerie\/nggallery\/galerie\/goscie-w-dps\">Go\u015bcie w DPS...<\/a><\/div>\n\t\t\t<div class=\"ngg-albumcontent\">\n\t\t\t\t<div class=\"ngg-thumbnail\">\n\t\t\t\t\t<a href=\"https:\/\/dpsniemojowice.pl\/2021\/galerie\/nggallery\/galerie\/goscie-w-dps\"><img class=\"Thumb\" alt=\"Go\u015bcie w DPS...\" src=\"https:\/\/dpsniemojowice.pl\/2021\/wp-content\/gallery\/goscie-w-dps\/cache\/gim.jpg-nggid0237-ngg0dyn-240x160x100-00f0w010c011r110f110r010t010.jpg\"\/><\/a>\n\t\t\t\t<\/div>\n\t\t\t\t<div class=\"ngg-description\">\n\t\t\t\t<p><\/p>\n\t\t\t\t\t\t\t\t<p class=\"ngg-album-gallery-image-counter\"><strong>2<\/strong>&nbsp;Zdj\u0119\u0107<\/p>\n\t\t\t\t\t\t\t<\/div>\n\t\t<\/div>\n\t<\/div>\n\n \t\n\t<div class=\"ngg-album\">\n\t\t<div class=\"ngg-albumtitle\"><a href=\"https:\/\/dpsniemojowice.pl\/2021\/galerie\/nggallery\/galerie\/oplatek-w-domu-pomocy-spolecznej\">Op\u0142atek w Domu Pomocy Spo\u0142ecznej<\/a><\/div>\n\t\t\t<div class=\"ngg-albumcontent\">\n\t\t\t\t<div class=\"ngg-thumbnail\">\n\t\t\t\t\t<a href=\"https:\/\/dpsniemojowice.pl\/2021\/galerie\/nggallery\/galerie\/oplatek-w-domu-pomocy-spolecznej\"><img class=\"Thumb\" alt=\"Op\u0142atek w Domu Pomocy Spo\u0142ecznej\" src=\"https:\/\/dpsniemojowice.pl\/2021\/wp-content\/gallery\/oplatek-w-domu-pomocy-spolecznej\/cache\/pc240528.jpg-nggid0213-ngg0dyn-240x160x100-00f0w010c011r110f110r010t010.jpg\"\/><\/a>\n\t\t\t\t<\/div>\n\t\t\t\t<div class=\"ngg-description\">\n\t\t\t\t<p><\/p>\n\t\t\t\t\t\t\t\t<p class=\"ngg-album-gallery-image-counter\"><strong>2<\/strong>&nbsp;Zdj\u0119\u0107<\/p>\n\t\t\t\t\t\t\t<\/div>\n\t\t<\/div>\n\t<\/div>\n\n \t\n\t<div class=\"ngg-album\">\n\t\t<div class=\"ngg-albumtitle\"><a href=\"https:\/\/dpsniemojowice.pl\/2021\/galerie\/nggallery\/galerie\/dps-w-niemojowicach-otwarty\">DPS w Niemojowicach otwarty<\/a><\/div>\n\t\t\t<div class=\"ngg-albumcontent\">\n\t\t\t\t<div class=\"ngg-thumbnail\">\n\t\t\t\t\t<a href=\"https:\/\/dpsniemojowice.pl\/2021\/galerie\/nggallery\/galerie\/dps-w-niemojowicach-otwarty\"><img class=\"Thumb\" alt=\"DPS w Niemojowicach otwarty\" src=\"https:\/\/dpsniemojowice.pl\/2021\/wp-content\/gallery\/dps-w-niemojowicach-otwarty\/cache\/dps_niemojowice_1.jpg-nggid015-ngg0dyn-240x160x100-00f0w010c011r110f110r010t010.jpg\"\/><\/a>\n\t\t\t\t<\/div>\n\t\t\t\t<div class=\"ngg-description\">\n\t\t\t\t<p><\/p>\n\t\t\t\t\t\t\t\t<p class=\"ngg-album-gallery-image-counter\"><strong>7<\/strong>&nbsp;Zdj\u0119\u0107<\/p>\n\t\t\t\t\t\t\t<\/div>\n\t\t<\/div>\n\t<\/div>\n\n \t \t\n\t<!-- Pagination -->\n \t<div class='ngg-clear'><\/div> \t\n<\/div>\n\n\n","protected":false},"excerpt":{"rendered":"","protected":false},"author":1,"featured_media":0,"parent":0,"menu_order":0,"comment_status":"open","ping_status":"open","template":"","meta":{"ngg_post_thumbnail":0},"_links":{"self":[{"href":"https:\/\/dpsniemojowice.pl\/2021\/wp-json\/wp\/v2\/pages\/35"}],"collection":[{"href":"https:\/\/dpsniemojowice.pl\/2021\/wp-json\/wp\/v2\/pages"}],"about":[{"href":"https:\/\/dpsniemojowice.pl\/2021\/wp-json\/wp\/v2\/types\/page"}],"author":[{"embeddable":true,"href":"https:\/\/dpsniemojowice.pl\/2021\/wp-json\/wp\/v2\/users\/1"}],"replies":[{"embeddable":true,"href":"https:\/\/dpsniemojowice.pl\/2021\/wp-json\/wp\/v2\/comments?post=35"}],"version-history":[{"count":2,"href":"https:\/\/dpsniemojowice.pl\/2021\/wp-json\/wp\/v2\/pages\/35\/revisions"}],"predecessor-version":[{"id":42,"href":"https:\/\/dpsniemojowice.pl\/2021\/wp-json\/wp\/v2\/pages\/35\/revisions\/42"}],"wp:attachment":[{"href":"https:\/\/dpsniemojowice.pl\/2021\/wp-json\/wp\/v2\/media?parent=35"}],"curies":[{"name":"wp","href":"https:\/\/api.w.org\/{rel}","templated":true}]}}